{"id":288,"date":"2021-03-02T08:19:52","date_gmt":"2021-03-02T07:19:52","guid":{"rendered":"https:\/\/kunstundfotografie.de\/public\/?page_id=288"},"modified":"2021-03-16T19:46:28","modified_gmt":"2021-03-16T18:46:28","slug":"jim-zimmermann","status":"publish","type":"page","link":"https:\/\/kunstundfotografie.de\/public\/jim-zimmermann\/","title":{"rendered":"Jim Zimmermann"},"content":{"rendered":"\n<div class=\"wp-block-media-text alignwide is-stacked-on-mobile is-vertically-aligned-top\" style=\"grid-template-columns:28% auto\"><figure class=\"wp-block-media-text__media\"><img loading=\"lazy\" decoding=\"async\" width=\"500\" height=\"500\" src=\"https:\/\/kunstundfotografie.de\/public\/wp-content\/uploads\/2021\/03\/2011_Jim-10-Marmorsaal-Mrz11.jpg\" alt=\"\" class=\"wp-image-393 size-full\" srcset=\"https:\/\/kunstundfotografie.de\/public\/wp-content\/uploads\/2021\/03\/2011_Jim-10-Marmorsaal-Mrz11.jpg 500w, https:\/\/kunstundfotografie.de\/public\/wp-content\/uploads\/2021\/03\/2011_Jim-10-Marmorsaal-Mrz11-300x300.jpg 300w, https:\/\/kunstundfotografie.de\/public\/wp-content\/uploads\/2021\/03\/2011_Jim-10-Marmorsaal-Mrz11-150x150.jpg 150w\" sizes=\"auto, (max-width: 500px) 100vw, 500px\" \/><\/figure><div class=\"wp-block-media-text__content\">\n<p>Mit der h\u00f6chstm\u00f6glichen Beschr\u00e4nkung auf das Minimum treibt er schwerelos und unerkl\u00e4rlich zwischen Mond und Erde und h\u00e4lt Ausschau nach Geschehen. Er wartet. Stunden, Tage Wochen, Monate, Jahre, Jahrzehnte. Wartet auf das beste Licht, die farbigste Farbe, das packendste Lied, das s\u00fc\u00dfeste L\u00e4cheln, die dramatischste Bewegung. Auf den perfekten Augenblick eben. Inzwischen hat er Eulenaugen. Genaugenommen habe ich Jim noch nie fotografierend gesehen &#8211; aber einen Haufen Bilder von ihm mit Augenblick auf den Punkt.<\/p>\n\n\n\n<p>&#8230; sagt Nadj.<\/p>\n\n\n\n<p><a rel=\"noopener\" href=\"http:\/\/fotorosso.de\/\" target=\"_blank\">www.fotorosso.de<\/a> \/ jim-Zimmermann.de<\/p>\n<\/div><\/div>\n\n\n\n<p><\/p>\n\n\n<div class=\"pt-cv-wrapper\"><div class=\"pt-cv-view pt-cv-pinterest pt-cv-colsys pt-cv-shadow pt-cv-bb pt-cv-pgregular\" id=\"pt-cv-view-cd88f8a63j\"><div data-id=\"pt-cv-page-1\" class=\"pt-cv-page\" data-cvc=\"3\"><div class=\"col-md-4 col-sm-6 col-xs-12 pt-cv-content-item pt-cv-1-col\"  data-pid=\"1137\"><div class='pt-cv-pinmas'><a href=\"https:\/\/kunstundfotografie.de\/public\/wp-content\/uploads\/2022\/10\/1845_-SW-Bremen-Sep22-019a.jpg\" class=\"pt-cv-lightbox-image pt-cv-href-thumbnail pt-cv-thumb-default cvplbd\" target=\"pt-cv-lightbox-image\" ><img decoding=\"async\" width=\"300\" src=\"https:\/\/kunstundfotografie.de\/public\/wp-content\/uploads\/2022\/10\/1845_-SW-Bremen-Sep22-019a.jpg\" class=\"pt-cv-thumbnail img-none cvp-substitute skip-lazy \" alt=\"Jim Zimmermann Meer IV\" title=\"\" \/><\/a><\/div><\/div>\n<div class=\"col-md-4 col-sm-6 col-xs-12 pt-cv-content-item pt-cv-1-col\"  data-pid=\"1134\"><div class='pt-cv-pinmas'><a href=\"https:\/\/kunstundfotografie.de\/public\/wp-content\/uploads\/2022\/10\/1845_-SW-Bremen-Sep22-001.jpg\" class=\"pt-cv-lightbox-image pt-cv-href-thumbnail pt-cv-thumb-default cvplbd\" target=\"pt-cv-lightbox-image\" ><img decoding=\"async\" width=\"300\" src=\"https:\/\/kunstundfotografie.de\/public\/wp-content\/uploads\/2022\/10\/1845_-SW-Bremen-Sep22-001.jpg\" class=\"pt-cv-thumbnail img-none cvp-substitute skip-lazy \" alt=\"Jim Zimmermann Meer III\" title=\"\" \/><\/a><\/div><\/div>\n<div class=\"col-md-4 col-sm-6 col-xs-12 pt-cv-content-item pt-cv-1-col\"  data-pid=\"1131\"><div class='pt-cv-pinmas'><a href=\"https:\/\/kunstundfotografie.de\/public\/wp-content\/uploads\/2022\/10\/1845_-SW-Bremen-Sep22-004.jpg\" class=\"pt-cv-lightbox-image pt-cv-href-thumbnail pt-cv-thumb-default cvplbd\" target=\"pt-cv-lightbox-image\" ><img decoding=\"async\" width=\"300\" src=\"https:\/\/kunstundfotografie.de\/public\/wp-content\/uploads\/2022\/10\/1845_-SW-Bremen-Sep22-004.jpg\" class=\"pt-cv-thumbnail img-none cvp-substitute skip-lazy \" alt=\"Jim Zimmermann Meer II\" title=\"\" \/><\/a><\/div><\/div>\n<div class=\"col-md-4 col-sm-6 col-xs-12 pt-cv-content-item pt-cv-1-col\"  data-pid=\"1128\"><div class='pt-cv-pinmas'><a href=\"https:\/\/kunstundfotografie.de\/public\/wp-content\/uploads\/2022\/10\/1845_-SW-Bremen-Sep22-002.jpg\" class=\"pt-cv-lightbox-image pt-cv-href-thumbnail pt-cv-thumb-default cvplbd\" target=\"pt-cv-lightbox-image\" ><img decoding=\"async\" width=\"300\" src=\"https:\/\/kunstundfotografie.de\/public\/wp-content\/uploads\/2022\/10\/1845_-SW-Bremen-Sep22-002.jpg\" class=\"pt-cv-thumbnail img-none cvp-substitute skip-lazy \" alt=\"Jim Zimmermann Meer 1\" title=\"\" \/><\/a><\/div><\/div>\n<div class=\"col-md-4 col-sm-6 col-xs-12 pt-cv-content-item pt-cv-1-col\"  data-pid=\"1027\"><div class='pt-cv-pinmas'><a href=\"https:\/\/kunstundfotografie.de\/public\/wp-content\/uploads\/2022\/02\/P-1162_024-DIG-Melli-Sep19-1024x834.jpg\" class=\"pt-cv-lightbox-image pt-cv-href-thumbnail pt-cv-thumb-default cvplbd\" target=\"pt-cv-lightbox-image\" ><img decoding=\"async\" width=\"300\" src=\"https:\/\/kunstundfotografie.de\/public\/wp-content\/uploads\/2022\/02\/P-1162_024-DIG-Melli-Sep19-1024x834.jpg\" class=\"pt-cv-thumbnail img-none cvp-substitute skip-lazy \" alt=\"Jim Zimmermann Decollet\u00e9\" title=\"\" \/><\/a><\/div><\/div>\n<div class=\"col-md-4 col-sm-6 col-xs-12 pt-cv-content-item pt-cv-1-col\"  data-pid=\"1024\"><div class='pt-cv-pinmas'><a href=\"https:\/\/kunstundfotografie.de\/public\/wp-content\/uploads\/2022\/02\/P-1162_123-DIG-Melli-Sep19-768x1024.jpg\" class=\"pt-cv-lightbox-image pt-cv-href-thumbnail pt-cv-thumb-default cvplbd\" target=\"pt-cv-lightbox-image\" ><img decoding=\"async\" width=\"300\" src=\"https:\/\/kunstundfotografie.de\/public\/wp-content\/uploads\/2022\/02\/P-1162_123-DIG-Melli-Sep19-768x1024.jpg\" class=\"pt-cv-thumbnail img-none cvp-substitute skip-lazy \" alt=\"Jim Zimmermann Down Under\" title=\"\" \/><\/a><\/div><\/div>\n<div class=\"col-md-4 col-sm-6 col-xs-12 pt-cv-content-item pt-cv-1-col\"  data-pid=\"1020\"><div class='pt-cv-pinmas'><a href=\"https:\/\/kunstundfotografie.de\/public\/wp-content\/uploads\/2022\/02\/1030-23-Mantel-1024x834.jpg\" class=\"pt-cv-lightbox-image pt-cv-href-thumbnail pt-cv-thumb-default cvplbd\" target=\"pt-cv-lightbox-image\" ><img decoding=\"async\" width=\"300\" src=\"https:\/\/kunstundfotografie.de\/public\/wp-content\/uploads\/2022\/02\/1030-23-Mantel-1024x834.jpg\" class=\"pt-cv-thumbnail img-none cvp-substitute skip-lazy \" alt=\"Jim Zimmermann Mantel\" title=\"\" \/><\/a><\/div><\/div>\n<div class=\"col-md-4 col-sm-6 col-xs-12 pt-cv-content-item pt-cv-1-col\"  data-pid=\"1017\"><div class='pt-cv-pinmas'><a href=\"https:\/\/kunstundfotografie.de\/public\/wp-content\/uploads\/2022\/02\/1055_05-Angela-Mini-TV-1-1024x873.jpg\" class=\"pt-cv-lightbox-image pt-cv-href-thumbnail pt-cv-thumb-default cvplbd\" target=\"pt-cv-lightbox-image\" ><img decoding=\"async\" width=\"300\" src=\"https:\/\/kunstundfotografie.de\/public\/wp-content\/uploads\/2022\/02\/1055_05-Angela-Mini-TV-1-1024x873.jpg\" class=\"pt-cv-thumbnail img-none cvp-substitute skip-lazy \" alt=\"Mein Fernseher 14 x 10 cm\" title=\"\" \/><\/a><\/div><\/div>\n<div class=\"col-md-4 col-sm-6 col-xs-12 pt-cv-content-item pt-cv-1-col\"  data-pid=\"1014\"><div class='pt-cv-pinmas'><a href=\"https:\/\/kunstundfotografie.de\/public\/wp-content\/uploads\/2022\/02\/033-HOWL-1-719x1024.jpg\" class=\"pt-cv-lightbox-image pt-cv-href-thumbnail pt-cv-thumb-default cvplbd\" target=\"pt-cv-lightbox-image\" ><img decoding=\"async\" width=\"300\" src=\"https:\/\/kunstundfotografie.de\/public\/wp-content\/uploads\/2022\/02\/033-HOWL-1-719x1024.jpg\" class=\"pt-cv-thumbnail img-none cvp-substitute skip-lazy \" alt=\"Jim Zimmermann Aceton Transfer\" title=\"\" \/><\/a><\/div><\/div>\n<div class=\"col-md-4 col-sm-6 col-xs-12 pt-cv-content-item pt-cv-1-col\"  data-pid=\"1011\"><div class='pt-cv-pinmas'><a href=\"https:\/\/kunstundfotografie.de\/public\/wp-content\/uploads\/2022\/02\/032-KAPITALISMUS-1-719x1024.jpg\" class=\"pt-cv-lightbox-image pt-cv-href-thumbnail pt-cv-thumb-default cvplbd\" target=\"pt-cv-lightbox-image\" ><img decoding=\"async\" width=\"300\" src=\"https:\/\/kunstundfotografie.de\/public\/wp-content\/uploads\/2022\/02\/032-KAPITALISMUS-1-719x1024.jpg\" class=\"pt-cv-thumbnail img-none cvp-substitute skip-lazy \" alt=\"Jim Zimmermann Aceton Transfer\" title=\"\" \/><\/a><\/div><\/div>\n<div class=\"col-md-4 col-sm-6 col-xs-12 pt-cv-content-item pt-cv-1-col\"  data-pid=\"1008\"><div class='pt-cv-pinmas'><a href=\"https:\/\/kunstundfotografie.de\/public\/wp-content\/uploads\/2022\/02\/022-CURRYWURST-1-719x1024.jpg\" class=\"pt-cv-lightbox-image pt-cv-href-thumbnail pt-cv-thumb-default cvplbd\" target=\"pt-cv-lightbox-image\" ><img decoding=\"async\" width=\"300\" src=\"https:\/\/kunstundfotografie.de\/public\/wp-content\/uploads\/2022\/02\/022-CURRYWURST-1-719x1024.jpg\" class=\"pt-cv-thumbnail img-none cvp-substitute skip-lazy \" alt=\"Jim Zimmermann Aceton Transfer\" title=\"\" \/><\/a><\/div><\/div>\n<div class=\"col-md-4 col-sm-6 col-xs-12 pt-cv-content-item pt-cv-1-col\"  data-pid=\"988\"><div class='pt-cv-pinmas'><a href=\"https:\/\/kunstundfotografie.de\/public\/wp-content\/uploads\/2022\/02\/027-REFLECT-719x1024.jpg\" class=\"pt-cv-lightbox-image pt-cv-href-thumbnail pt-cv-thumb-default cvplbd\" target=\"pt-cv-lightbox-image\" ><img decoding=\"async\" width=\"300\" src=\"https:\/\/kunstundfotografie.de\/public\/wp-content\/uploads\/2022\/02\/027-REFLECT-719x1024.jpg\" class=\"pt-cv-thumbnail img-none cvp-substitute skip-lazy \" alt=\"Jim Zimmermann I\u00b4ll Be Your Mirror\" title=\"\" \/><\/a><\/div><\/div><\/div><\/div>\n<div class=\"text-left pt-cv-pagination-wrapper\"><ul class=\"pt-cv-pagination pt-cv-ajax pagination\" data-totalpages=\"2\" data-currentpage=\"1\" data-sid=\"cd88f8a63j\" data-unid=\"\" data-isblock=\"\" data-postid=\"\"><li class=\"active\"><a href=\"#\">1<\/a><\/li>\n\t<li ><a class=\"\" href=\"https:\/\/kunstundfotografie.de\/public\/wp-json\/wp\/v2\/pages\/288\/?_page=2\">2<\/a><\/li>\n\t<li ><a class=\" \" href=\"https:\/\/kunstundfotografie.de\/public\/wp-json\/wp\/v2\/pages\/288\/?_page=2\">&rsaquo;<\/a><\/li>\n\t<\/ul><img loading=\"lazy\" decoding=\"async\" width=\"15\" height=\"15\" class=\"pt-cv-spinner\" alt=\"Wird geladen\u00a0\u2026\" src=\"data:image\/gif;base64,R0lGODlhDwAPALMPAMrKygwMDJOTkz09PZWVla+vr3p6euTk5M7OzuXl5TMzMwAAAJmZmWZmZszMzP\/\/\/yH\/C05FVFNDQVBFMi4wAwEAAAAh+QQFCgAPACwAAAAADwAPAAAEQvDJaZaZOIcV8iQK8VRX4iTYoAwZ4iCYoAjZ4RxejhVNoT+mRGP4cyF4Pp0N98sBGIBMEMOotl6YZ3S61Bmbkm4mAgAh+QQFCgAPACwAAAAADQANAAAENPDJSRSZeA418itN8QiK8BiLITVsFiyBBIoYqnoewAD4xPw9iY4XLGYSjkQR4UAUD45DLwIAIfkEBQoADwAsAAAAAA8ACQAABC\/wyVlamTi3nSdgwFNdhEJgTJoNyoB9ISYoQmdjiZPcj7EYCAeCF1gEDo4Dz2eIAAAh+QQFCgAPACwCAAAADQANAAAEM\/DJBxiYeLKdX3IJZT1FU0iIg2RNKx3OkZVnZ98ToRD4MyiDnkAh6BkNC0MvsAj0kMpHBAAh+QQFCgAPACwGAAAACQAPAAAEMDC59KpFDll73HkAA2wVY5KgiK5b0RRoI6MuzG6EQqCDMlSGheEhUAgqgUUAFRySIgAh+QQFCgAPACwCAAIADQANAAAEM\/DJKZNLND\/kkKaHc3xk+QAMYDKsiaqmZCxGVjSFFCxB1vwy2oOgIDxuucxAMTAJFAJNBAAh+QQFCgAPACwAAAYADwAJAAAEMNAs86q1yaWwwv2Ig0jUZx3OYa4XoRAfwADXoAwfo1+CIjyFRuEho60aSNYlOPxEAAAh+QQFCgAPACwAAAIADQANAAAENPA9s4y8+IUVcqaWJ4qEQozSoAzoIyhCK2NFU2SJk0hNnyEOhKR2AzAAj4Pj4GE4W0bkJQIAOw==\" \/><div class=\"clear pt-cv-clear-pagination\"><\/div><\/div><\/div>\t\t\t<style type=\"text\/css\" id=\"pt-cv-inline-style-ed17afdw92\">#pt-cv-view-cd88f8a63j .pt-cv-title a, #pt-cv-view-cd88f8a63j  .panel-title { font-weight: 600 !important; }\n#pt-cv-view-cd88f8a63j .pt-cv-readmore  { color: #ffffff !important; background-color: #00aeef !important; }\n#pt-cv-view-cd88f8a63j .pt-cv-readmore:hover  { color: #ffffff !important; background-color: #00aeef !important; }\n#pt-cv-view-cd88f8a63j  + .pt-cv-pagination-wrapper .pt-cv-more , #pt-cv-view-cd88f8a63j  + .pt-cv-pagination-wrapper .pagination .active a, .pt-cv-pagination[data-sid='cd88f8a63j'] .active a { color: #ffffff !important; background-color: #00aeef !important; }<\/style>\r\n\t\t\t\n","protected":false},"excerpt":{"rendered":"<p>Mit der h\u00f6chstm\u00f6glichen Beschr\u00e4nkung auf das Minimum treibt er schwerelos und unerkl\u00e4rlich zwischen Mond und Erde und h\u00e4lt Ausschau nach Geschehen. Er wartet. Stunden, Tage Wochen, Monate, Jahre, Jahrzehnte. Wartet auf das beste Licht, die farbigste Farbe, das packendste Lied, das s\u00fc\u00dfeste L\u00e4cheln, die dramatischste Bewegung. Auf den perfekten Augenblick eben. Inzwischen hat er Eulenaugen. &#8230;<\/p>\n","protected":false},"author":1,"featured_media":0,"parent":0,"menu_order":0,"comment_status":"closed","ping_status":"closed","template":"elementor_header_footer","meta":{"footnotes":""},"class_list":["post-288","page","type-page","status-publish","hentry"],"_links":{"self":[{"href":"https:\/\/kunstundfotografie.de\/public\/wp-json\/wp\/v2\/pages\/288","targetHints":{"allow":["GET"]}}],"collection":[{"href":"https:\/\/kunstundfotografie.de\/public\/wp-json\/wp\/v2\/pages"}],"about":[{"href":"https:\/\/kunstundfotografie.de\/public\/wp-json\/wp\/v2\/types\/page"}],"author":[{"embeddable":true,"href":"https:\/\/kunstundfotografie.de\/public\/wp-json\/wp\/v2\/users\/1"}],"replies":[{"embeddable":true,"href":"https:\/\/kunstundfotografie.de\/public\/wp-json\/wp\/v2\/comments?post=288"}],"version-history":[{"count":28,"href":"https:\/\/kunstundfotografie.de\/public\/wp-json\/wp\/v2\/pages\/288\/revisions"}],"predecessor-version":[{"id":730,"href":"https:\/\/kunstundfotografie.de\/public\/wp-json\/wp\/v2\/pages\/288\/revisions\/730"}],"wp:attachment":[{"href":"https:\/\/kunstundfotografie.de\/public\/wp-json\/wp\/v2\/media?parent=288"}],"curies":[{"name":"wp","href":"https:\/\/api.w.org\/{rel}","templated":true}]}}